{"id":3616,"date":"2017-02-06T23:31:52","date_gmt":"2017-02-06T22:31:52","guid":{"rendered":"https:\/\/garni-florian.com\/?page_id=3616"},"modified":"2025-11-16T16:37:05","modified_gmt":"2025-11-16T15:37:05","slug":"residence-friedheim-riva-di-turres-valle-aurina","status":"publish","type":"page","link":"https:\/\/garni-florian.com\/it\/residence-friedheim-riva-di-turres-valle-aurina\/","title":{"rendered":"Residence Friedheim"},"content":{"rendered":"<div class=\"wpb-content-wrapper\"><p>[vc_row][vc_column][vc_column_text][\/vc_column_text][vc_single_image image=&#8221;6164&#8243; img_size=&#8221;full&#8221; alignment=&#8221;center&#8221;][vc_custom_heading text=&#8221;RESIDENCE FRIEDHEIM&#8221; font_container=&#8221;tag:h2|font_size:3em|text_align:center|color:%23000000|line_height:1&#8243; use_theme_fonts=&#8221;yes&#8221;][vc_empty_space][vc_column_text]<\/p>\n<p style=\"text-align: center;\">Herzlich willkommen in unseren sonnigen <strong>Appartements in Rein in Taufers im Ahrntal:<\/strong><\/p>\n<p style=\"text-align: center;\">Unser Appartementhaus <strong>Residence Friedheim**<\/strong> liegt im Dorfzentrum von Rein in Taufers mit sch\u00f6nem Blick auf die Rieserferner Gruppe im Tauferer Ahrntal. Die Appartements bieten Platz f\u00fcr 2 bis 6 Personen (Ein- und Mehrraumappartements). F\u00fcr Kinder stellen wir Ihnen auf Anfrage Kinderbetten zur Verf\u00fcgung.<\/p>\n<p>[\/vc_column_text][\/vc_column][\/vc_row][vc_row][vc_column][vc_btn title=&#8221;Richiesta prenotazione&#8221; shape=&#8221;round&#8221; color=&#8221;chino&#8221; align=&#8221;center&#8221; i_icon_fontawesome=&#8221;fas fa-concierge-bell&#8221; add_icon=&#8221;true&#8221; link=&#8221;url:https%3A%2F%2Fgarni-florian.com%2Fit%2Frichiesta%2F|title:Richiesta%20prenotazione|&#8221;][vc_empty_space][\/vc_column][\/vc_row][vc_row][vc_column][vc_tta_accordion][vc_tta_section title=&#8221;Appartamento Typ B &#8211; 50m\u00b2 | 2 &#8211; 5 persone&#8221; tab_id=&#8221;1608591587517-048552a1-fc4af945-ae83&#8243;][vc_row_inner][vc_column_inner width=&#8221;1\/2&#8243;][vc_images_carousel images=&#8221;4180,4182,4176,4980&#8243; img_size=&#8221;400&#215;300&#8243;][\/vc_column_inner][vc_column_inner width=&#8221;1\/2&#8243;][vc_column_text]<\/p>\n<p style=\"text-align: left;\"><strong>Kochbereich<br \/>\n<\/strong>Induktionsherd, K\u00fchlschrank, Sp\u00fclmaschine, Geschirrt\u00fccher, Kaffeemaschine, Geschirr und Besteck<\/p>\n<p style=\"text-align: left;\"><strong>Wohnbereich<br \/>\n<\/strong>Sitzecke mit SAT-TV, Doppelbett-Couch<\/p>\n<p style=\"text-align: left;\"><strong>1 Schlafzimmer<br \/>\n<\/strong>mit Doppelbett, ausziehbare Sitz-Couch und Bettw\u00e4sche<\/p>\n<p style=\"text-align: left;\"><strong>Badezimmer<br \/>\n<\/strong>mit Dusche, Bidet\u00a0 Handt\u00fccher,\u00a0W\u00e4schest\u00e4nder[\/vc_column_text][\/vc_column_inner][\/vc_row_inner][\/vc_tta_section][vc_tta_section title=&#8221;Appartamento Typ D &#8211; 30m\u00b2 | 2 &#8211; 3 persone&#8221; tab_id=&#8221;1608592087713-b670a84a-1744f945-ae83&#8243;][vc_row_inner][vc_column_inner width=&#8221;1\/2&#8243;][vc_images_carousel images=&#8221;4180,4176,4616,4906,4987&#8243; img_size=&#8221;400&#215;300&#8243;][\/vc_column_inner][vc_column_inner width=&#8221;1\/2&#8243;][vc_column_text]<\/p>\n<p style=\"text-align: left;\"><strong>Kochbereich<br \/>\n<\/strong>Induktionsherd, K\u00fchlschrank, Sp\u00fclmaschine, Geschirrt\u00fccher, Kaffeemaschine, Geschirr und Besteck<\/p>\n<p style=\"text-align: left;\"><strong>Wohn\/Schlafbereich<br \/>\n<\/strong>Sitzecke mit SAT-TV, mit Doppelbett<\/p>\n<p style=\"text-align: left;\"><strong>Badezimmer<br \/>\n<\/strong>mit Dusche, Bidet\u00a0 Handt\u00fccher,\u00a0W\u00e4schest\u00e4nder[\/vc_column_text][\/vc_column_inner][\/vc_row_inner][\/vc_tta_section][vc_tta_section title=&#8221;Appartamento Typ C &#8211; 45m\u00b2 | 2 &#8211; 4 persone&#8221; tab_id=&#8221;1608592045017-24a4ca8a-deecf945-ae83&#8243;][vc_row_inner][vc_column_inner width=&#8221;1\/2&#8243;][vc_images_carousel images=&#8221;4050,4891,4889,3941,3284&#8243; img_size=&#8221;400&#215;300&#8243;][\/vc_column_inner][vc_column_inner width=&#8221;1\/2&#8243;][vc_column_text]<\/p>\n<p style=\"text-align: left;\"><strong>Kochbereich<br \/>\n<\/strong>Induktionsherd, K\u00fchlschrank, Sp\u00fclmaschine, Geschirrt\u00fccher, Kaffeemaschine, Geschirr und Besteck<\/p>\n<p style=\"text-align: left;\"><strong>Wohnbereich<br \/>\n<\/strong>Sitzecke mit SAT-TV,\u00a0Couchbett<\/p>\n<p style=\"text-align: left;\"><strong>1 Schlafzimmer<br \/>\n<\/strong>mit Doppelbett und Bettw\u00e4sche<\/p>\n<p style=\"text-align: left;\"><strong>Badezimmer<br \/>\n<\/strong>mit Badewanne\/Dusche, Bidet\u00a0 Handt\u00fccher, W\u00e4schest\u00e4nder[\/vc_column_text][\/vc_column_inner][\/vc_row_inner][\/vc_tta_section][vc_tta_section title=&#8221;Appartamento Typ A &#8211; 60m\u00b2 | 4 &#8211; 6 persone&#8221; tab_id=&#8221;1608591587458-3e740966-377cf945-ae83&#8243;][vc_row_inner][vc_column_inner width=&#8221;1\/2&#8243;][vc_images_carousel images=&#8221;4901,4899,4050,3981,4906,3941,4983&#8243; img_size=&#8221;400&#215;300&#8243; speed=&#8221;3000&#8243; autoplay=&#8221;yes&#8221; wrap=&#8221;yes&#8221; css=&#8221;.vc_custom_1616781881591{background-position: center !important;background-repeat: no-repeat !important;background-size: contain !important;}&#8221;][\/vc_column_inner][vc_column_inner width=&#8221;1\/2&#8243;][vc_column_text]<\/p>\n<p style=\"text-align: left;\"><strong>Kochbereich<br \/>\n<\/strong>Induktionsherd, K\u00fchlschrank, Sp\u00fclmaschine, Geschirrt\u00fccher, Kaffeemaschine, Geschirr und Besteck<\/p>\n<p style=\"text-align: left;\"><strong>Wohnbereich<br \/>\n<\/strong>Sitzecke mit SAT-TV, ausziehbare Doppelbett-Couch<\/p>\n<p style=\"text-align: left;\"><strong>2 Schlafzimmer<br \/>\n<\/strong>mit Doppelbett, ausziehbare Sitz-Couch und Bettw\u00e4sche<\/p>\n<p style=\"text-align: left;\"><strong>Badezimmer<br \/>\n<\/strong>mit Badewanne\/Dusche, Bidet,\u00a0 Handt\u00fccher, W\u00e4schest\u00e4nder[\/vc_column_text][\/vc_column_inner][\/vc_row_inner][\/vc_tta_section][\/vc_tta_accordion][\/vc_column][\/vc_row][vc_row][vc_column][vc_empty_space height=&#8221;16px&#8221;][vc_btn title=&#8221;Richiesta prenotazione&#8221; shape=&#8221;round&#8221; color=&#8221;chino&#8221; align=&#8221;center&#8221; i_icon_fontawesome=&#8221;fas fa-concierge-bell&#8221; add_icon=&#8221;true&#8221; link=&#8221;url:https%3A%2F%2Fgarni-florian.com%2Fit%2Frichiesta%2F|title:Richiesta%20prenotazione|&#8221;][vc_empty_space][\/vc_column][\/vc_row][vc_row el_class=&#8221;preise&#8221;][vc_column width=&#8221;1\/2&#8243;][vc_tta_tabs active_section=&#8221;1&#8243; title=&#8221;Prezzi Residence Friedheim&#8221; el_class=&#8221;preise&#8221; el_id=&#8221;preis1&#8243;][vc_tta_section title=&#8221;Inverno 2024\/ 25&#8243; tab_id=&#8221;1608592436225-884295b4-f268f945-ae83&#8243;][vc_column_text]<\/p>\n<table style=\"height: 400px;\" width=\"400\">\n<thead>\n<tr>\n<th style=\"text-align: left;\">Zeitraum<\/th>\n<th style=\"text-align: left;\">Preis f\u00fcr 2 Pers.<\/th>\n<\/tr>\n<\/thead>\n<tbody>\n<tr>\n<td>06.12.2024 &#8211; 21.12.2024 &amp;<br \/>\n11.01.2025 &#8211; 01.02.2025 &amp;<br \/>\n08.03.2025 &#8211; 16.03.2025<\/td>\n<td style=\"text-align: left;\">59,00 \u20ac<\/td>\n<\/tr>\n<tr>\n<td>19.12.2024 &#8211; 11.01.2025 &amp;<br \/>\n01.02.2025 &#8211; 08.03.2025<\/td>\n<td style=\"text-align: left;\">69,00 \u20ac<\/td>\n<\/tr>\n<tr>\n<td><\/td>\n<td style=\"text-align: left;\"><\/td>\n<\/tr>\n<tr>\n<td><\/td>\n<td style=\"text-align: left;\"><\/td>\n<\/tr>\n<tr>\n<td><\/td>\n<td style=\"text-align: left;\"><\/td>\n<\/tr>\n<tr>\n<td><span style=\"color: #008000;\"><strong>Holidaypass &#8211; G\u00e4stecard<\/strong><\/span><\/td>\n<td style=\"text-align: left;\"><span style=\"color: #008000;\"><strong>kostenfrei<\/strong><\/span><\/td>\n<\/tr>\n<\/tbody>\n<\/table>\n<p>[\/vc_column_text][\/vc_tta_section][vc_tta_section title=&#8221;Estate 2025&#8243; tab_id=&#8221;1608592883265-27d18a08-cad5f945-ae83&#8243;][vc_column_text]<\/p>\n<table style=\"height: 400px;\" width=\"400\">\n<thead>\n<tr>\n<th style=\"text-align: left;\">Zeitraum<\/th>\n<th style=\"text-align: left;\">Preis f\u00fcr 2 Pers.<\/th>\n<\/tr>\n<\/thead>\n<tbody>\n<tr>\n<td>03.05.2025 &#8211; 21.06.2025<\/td>\n<td style=\"text-align: left;\">60,00 \u20ac<\/td>\n<\/tr>\n<tr>\n<td>21.06.2025 &#8211; 05.07.2025 &amp;<br \/>\n06.09.2025 &#8211; 18.10.2025<\/td>\n<td style=\"text-align: left;\">62,00 \u20ac<\/td>\n<\/tr>\n<tr>\n<td>05.07.2025 &#8211; 26.07.2025<\/td>\n<td style=\"text-align: left;\">67,00 \u20ac<\/td>\n<\/tr>\n<tr>\n<td>27.07.2025 &#8211; 09.08.2025 &amp;<br \/>\n23.08.2025 &#8211; 06.09.2025<\/td>\n<td style=\"text-align: left;\">69,00 \u20ac<\/td>\n<\/tr>\n<tr>\n<td>09.08.2025 &#8211; 23.08.2025<\/td>\n<td style=\"text-align: left;\">75,00 \u20ac<\/td>\n<\/tr>\n<tr>\n<td><span style=\"color: #008000;\"><strong>Holidaypass &#8211; G\u00e4stecard<\/strong><\/span><\/td>\n<td style=\"text-align: left;\"><span style=\"color: #008000;\"><strong>kostenfrei<\/strong><\/span><\/td>\n<\/tr>\n<\/tbody>\n<\/table>\n<p>[\/vc_column_text][\/vc_tta_section][vc_tta_section title=&#8221;Supplementi&#8221; tab_id=&#8221;1608631471018-d8b27d35-cee1f945-ae83&#8243;][vc_column_text css=&#8221;&#8221;]<\/p>\n<p style=\"text-align: left;\">Preise pro Appartement und Tag f\u00fcr 2 Personen,<br \/>\njede weitere Person 12,00 \u20ac Aufpreis pro Tag.<br \/>\nFerienwohnung Typ A: Basis-Startpreis + 12,00 \u20ac<\/p>\n<p style=\"text-align: left;\"><strong>Endreinigung<\/strong>: einmalig 45 &#8211; 50,00 Euro.<\/p>\n<p style=\"text-align: left;\">Aufpreis bei einem Aufenthalt bis zu 3 Tagen.<\/p>\n<p style=\"text-align: left;\"><strong>Tourismusabgabe<\/strong>: pro Person und Tag \u20ac 2,40<br \/>\n<strong>Kinder<\/strong> unter 14 Jahren sind davon befreit.<\/p>\n<p style=\"text-align: left;\">Irrt\u00fcmer und \u00c4nderungen vorbehalten.<\/p>\n<p style=\"text-align: left;\">Abweichungen der Appartements von den Skizzen m\u00f6glich.<\/p>\n<p style=\"text-align: left;\"><strong>Haustiere<\/strong>: Hunde sind erlaubt. Wir bitten Sie einen Korb oder eine Decke mitzubringen. Der Preis f\u00fcr den Hund betr\u00e4gt 13,00 Euro am Tag \u2013 ohne Futter.<\/p>\n<p>[\/vc_column_text][\/vc_tta_section][\/vc_tta_tabs][\/vc_column][vc_column width=&#8221;1\/2&#8243;][vc_tta_tabs active_section=&#8221;1&#8243; title=&#8221;Condizioni di prenotazione&#8221; el_class=&#8221;preise&#8221;][vc_tta_section title=&#8221;I nostri servizi&#8221; tab_id=&#8221;1608615252222-15948399-ceb7f945-ae83&#8243;][vc_column_text css=&#8221;&#8221;]<\/p>\n<h3 style=\"text-align: left;\">Unsere Serviceleistungen<\/h3>\n<p style=\"text-align: left;\">Nutzen Sie unseren\u00a0t\u00e4glichen <strong>Br\u00f6tchenservice<\/strong> und fr\u00fchst\u00fccken Sie bequem in Ihrem Appartement.<\/p>\n<p style=\"text-align: left;\">Gerne bieten wir Ihnen <strong>Fr\u00fchst\u00fcck oder Halbpension<\/strong> in der\u00a0<a title=\"Pizzeria | Restaurant\" href=\"https:\/\/garni-florian.com\/pizzeria-restaurant-rein-in-taufers-ahrntal\/\" target=\"_blank\" rel=\"noopener noreferrer\">Pizzeria Florian\u00a0<\/a>(mit Aufpreis) an.<\/p>\n<p style=\"text-align: left;\">WIFI (WLAN) im Haus.<\/p>\n<p style=\"text-align: left;\">Parkplatz geh\u00f6rt zum Haus.<\/p>\n<p style=\"text-align: left;\">Liegewiese am Haus.<\/p>\n<p style=\"text-align: left;\">GuestPass: Fr\u00fchling, Sommer, Herbst und Winter.<\/p>\n<p style=\"text-align: left;\">Skipass Langlaufloipe Rein.<br \/>\nSkidepot.<\/p>\n<p>[\/vc_column_text][\/vc_tta_section][vc_tta_section title=&#8221;Condizioni di prenotazione&#8221; tab_id=&#8221;1608615252328-7a395ca3-3d16f945-ae83&#8243;][vc_column_text]<\/p>\n<p style=\"text-align: left;\"><strong>Haustiere<\/strong> sind auf Anfrage erlaubt und k\u00f6nnen mitgebracht werden.<\/p>\n<p style=\"text-align: left;\"><strong>Zahlung<\/strong>: Die Begleichung der Urlaubsrechnung ist vor Ort in Bar und Karte m\u00f6glich.<\/p>\n<p style=\"text-align: left;\"><strong>An- und Abreise:<\/strong> Das Appartement steht Ihnen ab ca. 13:00 Uhr zur Verf\u00fcgung. Die Abreise sollte bis 9 Uhr erfolgen.<\/p>\n<p style=\"text-align: left;\"><strong>kostenfreier Parkplatz<\/strong><\/p>\n<p><strong>Stornobedingungen:<br \/>\n<\/strong><\/p>\n<p>Stornierungen m\u00fcssen schriftlich erfolgen und erfordern unsere R\u00fcckbest\u00e4tigung. Es steht kein R\u00fccktrittsrecht im Sinne des Konsumentenschutzkodex zu. Ohne Abschluss einer Reiser\u00fccktrittsversicherung gew\u00e4hren wir Ihnen dennoch folgende Stornobedingungen:<\/p>\n<p>bis 30 Tage vor Urlaubsantritt: keine Stornogeb\u00fchr<br \/>\n29 bis 22 Tage vor Urlaubsantritt: 20% des gebuchten Arrangements<br \/>\n21 bis 7 Tage vor Urlaubsantritt: 50% des gebuchten Arrangements<br \/>\nbis 6 Tage vor Urlaubsantritt: 80% des gebuchten Arrangements<br \/>\nbei Nichtanreise oder vorzeitiger Abreise: 100% der gebuchten Arrangements.[\/vc_column_text][\/vc_tta_section][\/vc_tta_tabs][vc_empty_space height=&#8221;16px&#8221;][\/vc_column][\/vc_row]<\/p>\n<\/div>","protected":false},"excerpt":{"rendered":"<p>[vc_row][vc_column][vc_column_text][\/vc_column_text][vc_single_image image=&#8221;6164&#8243; img_size=&#8221;full&#8221; alignment=&#8221;center&#8221;][vc_custom_heading text=&#8221;RESIDENCE FRIEDHEIM&#8221; font_container=&#8221;tag:h2|font_size:3em|text_align:center|color:%23000000|line_height:1&#8243; use_theme_fonts=&#8221;yes&#8221;][vc_empty_space][vc_column_text] Herzlich willkommen in unseren sonnigen Appartements in Rein in Taufers im Ahrntal: Unser Appartementhaus Residence Friedheim** liegt im Dorfzentrum von Rein in Taufers mit sch\u00f6nem Blick auf die Rieserferner Gruppe im Tauferer Ahrntal. Die Appartements bieten Platz f\u00fcr 2 bis 6 Personen (Ein- und Mehrraumappartements). F\u00fcr Kinder [&hellip;]<\/p>\n","protected":false},"author":1,"featured_media":0,"parent":0,"menu_order":0,"comment_status":"closed","ping_status":"closed","template":"fullwidth.php","meta":{"footnotes":""},"class_list":["post-3616","page","type-page","status-publish","hentry"],"yoast_head":"<!-- This site is optimized with the Yoast SEO plugin v27.5 - https:\/\/yoast.com\/product\/yoast-seo-wordpress\/ -->\n<title>Residence Friedheim - Garni Florian<\/title>\n<meta name=\"description\" content=\"Il nostro Residence Friedheim** \u00e8 situato al centro di meravigliosi prati di montagna e mermette una Vista stupenda sul massiccio dei tremila, il gruppo delle Vedrette di Ries della Val di Tures-Aurina.\" \/>\n<meta name=\"robots\" content=\"index, follow, max-snippet:-1, max-image-preview:large, max-video-preview:-1\" \/>\n<link rel=\"canonical\" href=\"https:\/\/garni-florian.com\/it\/residence-friedheim-riva-di-turres-valle-aurina\/\" \/>\n<meta property=\"og:locale\" content=\"it_IT\" \/>\n<meta property=\"og:type\" content=\"article\" \/>\n<meta property=\"og:title\" content=\"Residence Friedheim - Garni Florian\" \/>\n<meta property=\"og:description\" content=\"Il nostro Residence Friedheim** \u00e8 situato al centro di meravigliosi prati di montagna e mermette una Vista stupenda sul massiccio dei tremila, il gruppo delle Vedrette di Ries della Val di Tures-Aurina.\" \/>\n<meta property=\"og:url\" content=\"https:\/\/garni-florian.com\/it\/residence-friedheim-riva-di-turres-valle-aurina\/\" \/>\n<meta property=\"og:site_name\" content=\"Garni Florian\" \/>\n<meta property=\"article:modified_time\" content=\"2025-11-16T15:37:05+00:00\" \/>\n<meta name=\"twitter:card\" content=\"summary_large_image\" \/>\n<meta name=\"twitter:label1\" content=\"Tempo di lettura stimato\" \/>\n\t<meta name=\"twitter:data1\" content=\"4 minuti\" \/>\n<script type=\"application\/ld+json\" class=\"yoast-schema-graph\">{\"@context\":\"https:\\\/\\\/schema.org\",\"@graph\":[{\"@type\":\"WebPage\",\"@id\":\"https:\\\/\\\/garni-florian.com\\\/it\\\/residence-friedheim-riva-di-turres-valle-aurina\\\/\",\"url\":\"https:\\\/\\\/garni-florian.com\\\/it\\\/residence-friedheim-riva-di-turres-valle-aurina\\\/\",\"name\":\"Residence Friedheim - Garni Florian\",\"isPartOf\":{\"@id\":\"https:\\\/\\\/garni-florian.com\\\/#website\"},\"datePublished\":\"2017-02-06T22:31:52+00:00\",\"dateModified\":\"2025-11-16T15:37:05+00:00\",\"description\":\"Il nostro Residence Friedheim** \u00e8 situato al centro di meravigliosi prati di montagna e mermette una Vista stupenda sul massiccio dei tremila, il gruppo delle Vedrette di Ries della Val di Tures-Aurina.\",\"breadcrumb\":{\"@id\":\"https:\\\/\\\/garni-florian.com\\\/it\\\/residence-friedheim-riva-di-turres-valle-aurina\\\/#breadcrumb\"},\"inLanguage\":\"it-IT\",\"potentialAction\":[{\"@type\":\"ReadAction\",\"target\":[\"https:\\\/\\\/garni-florian.com\\\/it\\\/residence-friedheim-riva-di-turres-valle-aurina\\\/\"]}]},{\"@type\":\"BreadcrumbList\",\"@id\":\"https:\\\/\\\/garni-florian.com\\\/it\\\/residence-friedheim-riva-di-turres-valle-aurina\\\/#breadcrumb\",\"itemListElement\":[{\"@type\":\"ListItem\",\"position\":1,\"name\":\"Startseite\",\"item\":\"https:\\\/\\\/garni-florian.com\\\/it\\\/\"},{\"@type\":\"ListItem\",\"position\":2,\"name\":\"Residence Friedheim\"}]},{\"@type\":\"WebSite\",\"@id\":\"https:\\\/\\\/garni-florian.com\\\/#website\",\"url\":\"https:\\\/\\\/garni-florian.com\\\/\",\"name\":\"Garni Florian\",\"description\":\"Fam. Florian Steinkasserer\",\"publisher\":{\"@id\":\"https:\\\/\\\/garni-florian.com\\\/#organization\"},\"potentialAction\":[{\"@type\":\"SearchAction\",\"target\":{\"@type\":\"EntryPoint\",\"urlTemplate\":\"https:\\\/\\\/garni-florian.com\\\/?s={search_term_string}\"},\"query-input\":{\"@type\":\"PropertyValueSpecification\",\"valueRequired\":true,\"valueName\":\"search_term_string\"}}],\"inLanguage\":\"it-IT\"},{\"@type\":\"Organization\",\"@id\":\"https:\\\/\\\/garni-florian.com\\\/#organization\",\"name\":\"Garni Florian\",\"url\":\"https:\\\/\\\/garni-florian.com\\\/\",\"logo\":{\"@type\":\"ImageObject\",\"inLanguage\":\"it-IT\",\"@id\":\"https:\\\/\\\/garni-florian.com\\\/#\\\/schema\\\/logo\\\/image\\\/\",\"url\":\"https:\\\/\\\/garni-florian.com\\\/wp-content\\\/uploads\\\/2017\\\/05\\\/Logo-Florian-HP.png\",\"contentUrl\":\"https:\\\/\\\/garni-florian.com\\\/wp-content\\\/uploads\\\/2017\\\/05\\\/Logo-Florian-HP.png\",\"width\":253,\"height\":44,\"caption\":\"Garni Florian\"},\"image\":{\"@id\":\"https:\\\/\\\/garni-florian.com\\\/#\\\/schema\\\/logo\\\/image\\\/\"}}]}<\/script>\n<!-- \/ Yoast SEO plugin. -->","yoast_head_json":{"title":"Residence Friedheim - Garni Florian","description":"Il nostro Residence Friedheim** \u00e8 situato al centro di meravigliosi prati di montagna e mermette una Vista stupenda sul massiccio dei tremila, il gruppo delle Vedrette di Ries della Val di Tures-Aurina.","robots":{"index":"index","follow":"follow","max-snippet":"max-snippet:-1","max-image-preview":"max-image-preview:large","max-video-preview":"max-video-preview:-1"},"canonical":"https:\/\/garni-florian.com\/it\/residence-friedheim-riva-di-turres-valle-aurina\/","og_locale":"it_IT","og_type":"article","og_title":"Residence Friedheim - Garni Florian","og_description":"Il nostro Residence Friedheim** \u00e8 situato al centro di meravigliosi prati di montagna e mermette una Vista stupenda sul massiccio dei tremila, il gruppo delle Vedrette di Ries della Val di Tures-Aurina.","og_url":"https:\/\/garni-florian.com\/it\/residence-friedheim-riva-di-turres-valle-aurina\/","og_site_name":"Garni Florian","article_modified_time":"2025-11-16T15:37:05+00:00","twitter_card":"summary_large_image","twitter_misc":{"Tempo di lettura stimato":"4 minuti"},"schema":{"@context":"https:\/\/schema.org","@graph":[{"@type":"WebPage","@id":"https:\/\/garni-florian.com\/it\/residence-friedheim-riva-di-turres-valle-aurina\/","url":"https:\/\/garni-florian.com\/it\/residence-friedheim-riva-di-turres-valle-aurina\/","name":"Residence Friedheim - Garni Florian","isPartOf":{"@id":"https:\/\/garni-florian.com\/#website"},"datePublished":"2017-02-06T22:31:52+00:00","dateModified":"2025-11-16T15:37:05+00:00","description":"Il nostro Residence Friedheim** \u00e8 situato al centro di meravigliosi prati di montagna e mermette una Vista stupenda sul massiccio dei tremila, il gruppo delle Vedrette di Ries della Val di Tures-Aurina.","breadcrumb":{"@id":"https:\/\/garni-florian.com\/it\/residence-friedheim-riva-di-turres-valle-aurina\/#breadcrumb"},"inLanguage":"it-IT","potentialAction":[{"@type":"ReadAction","target":["https:\/\/garni-florian.com\/it\/residence-friedheim-riva-di-turres-valle-aurina\/"]}]},{"@type":"BreadcrumbList","@id":"https:\/\/garni-florian.com\/it\/residence-friedheim-riva-di-turres-valle-aurina\/#breadcrumb","itemListElement":[{"@type":"ListItem","position":1,"name":"Startseite","item":"https:\/\/garni-florian.com\/it\/"},{"@type":"ListItem","position":2,"name":"Residence Friedheim"}]},{"@type":"WebSite","@id":"https:\/\/garni-florian.com\/#website","url":"https:\/\/garni-florian.com\/","name":"Garni Florian","description":"Fam. Florian Steinkasserer","publisher":{"@id":"https:\/\/garni-florian.com\/#organization"},"potentialAction":[{"@type":"SearchAction","target":{"@type":"EntryPoint","urlTemplate":"https:\/\/garni-florian.com\/?s={search_term_string}"},"query-input":{"@type":"PropertyValueSpecification","valueRequired":true,"valueName":"search_term_string"}}],"inLanguage":"it-IT"},{"@type":"Organization","@id":"https:\/\/garni-florian.com\/#organization","name":"Garni Florian","url":"https:\/\/garni-florian.com\/","logo":{"@type":"ImageObject","inLanguage":"it-IT","@id":"https:\/\/garni-florian.com\/#\/schema\/logo\/image\/","url":"https:\/\/garni-florian.com\/wp-content\/uploads\/2017\/05\/Logo-Florian-HP.png","contentUrl":"https:\/\/garni-florian.com\/wp-content\/uploads\/2017\/05\/Logo-Florian-HP.png","width":253,"height":44,"caption":"Garni Florian"},"image":{"@id":"https:\/\/garni-florian.com\/#\/schema\/logo\/image\/"}}]}},"_links":{"self":[{"href":"https:\/\/garni-florian.com\/it\/wp-json\/wp\/v2\/pages\/3616","targetHints":{"allow":["GET"]}}],"collection":[{"href":"https:\/\/garni-florian.com\/it\/wp-json\/wp\/v2\/pages"}],"about":[{"href":"https:\/\/garni-florian.com\/it\/wp-json\/wp\/v2\/types\/page"}],"author":[{"embeddable":true,"href":"https:\/\/garni-florian.com\/it\/wp-json\/wp\/v2\/users\/1"}],"replies":[{"embeddable":true,"href":"https:\/\/garni-florian.com\/it\/wp-json\/wp\/v2\/comments?post=3616"}],"version-history":[{"count":0,"href":"https:\/\/garni-florian.com\/it\/wp-json\/wp\/v2\/pages\/3616\/revisions"}],"wp:attachment":[{"href":"https:\/\/garni-florian.com\/it\/wp-json\/wp\/v2\/media?parent=3616"}],"curies":[{"name":"wp","href":"https:\/\/api.w.org\/{rel}","templated":true}]}}